{"id":96,"date":"2025-05-14T14:29:02","date_gmt":"2025-05-14T14:29:02","guid":{"rendered":"https:\/\/villedelinguere.org\/?page_id=96"},"modified":"2025-05-14T14:29:02","modified_gmt":"2025-05-14T14:29:02","slug":"accueil-de-la-delegation-officielle-de-linguere-senegal-ville-dangers-france","status":"publish","type":"page","link":"https:\/\/villedelinguere.org\/index.php\/accueil-de-la-delegation-officielle-de-linguere-senegal-ville-dangers-france\/","title":{"rendered":"ACCUEIL DE LA D\u00c9L\u00c9GATION OFFICIELLE DE LINGU\u00c8RE \u2013 S\u00c9N\u00c9GAL &#8211; Ville d\u2019Angers (France)"},"content":{"rendered":"\n<h1 class=\"wp-block-heading\"><\/h1>\n\n\n\n<h2 class=\"wp-block-heading\">\ud83d\udcc5 <strong>14\u201316 mai 2025 \u2013 Ville d\u2019Angers (France)<\/strong><\/h2>\n\n\n\n<h3 class=\"wp-block-heading\">\ud83d\uddc2\ufe0f Programme officiel<\/h3>\n\n\n\n<hr class=\"wp-block-separator has-alpha-channel-opacity\"\/>\n\n\n\n<h3 class=\"wp-block-heading\">\ud83d\udc65 <strong>Composition de la d\u00e9l\u00e9gation de Lingu\u00e8re<\/strong><\/h3>\n\n\n\n<ul class=\"wp-block-list\">\n<li><strong>Monsieur Aly Ngouille Ndiaye<\/strong>, Maire de Lingu\u00e8re<\/li>\n\n\n\n<li><strong>Madame Cherif Nini Ndiaye<\/strong>, Secr\u00e9taire de mairie \u2013 Commune de Lingu\u00e8re<\/li>\n<\/ul>\n\n\n\n<hr class=\"wp-block-separator has-alpha-channel-opacity\"\/>\n\n\n\n<h3 class=\"wp-block-heading\">\ud83d\udccd <strong>Mercredi 14 mai<\/strong><\/h3>\n\n\n\n<ul class=\"wp-block-list\">\n<li><strong>15h09<\/strong> : Accueil de la d\u00e9l\u00e9gation \u00e0 la <strong>gare d\u2019Angers<\/strong><\/li>\n\n\n\n<li>Installation \u00e0 l\u2019<strong>H\u00f4tel du Mail<\/strong><\/li>\n\n\n\n<li><strong>Temps libre<\/strong> : possibilit\u00e9 d\u2019organiser un programme sp\u00e9cifique ce jour-l\u00e0<\/li>\n\n\n\n<li><strong>Soir\u00e9e au choix<\/strong> :<br>Rencontre avec les ressortissants angevins originaires de Lingu\u00e8re<br>ou<br>\u00c9change avec <strong>Beno\u00eet Pilet<\/strong> (Adjoint au Maire d\u2019Angers en charge des Relations internationales)<br>et <strong>Gana\u00eblle Guillet<\/strong>, Directrice Europe et International<\/li>\n<\/ul>\n\n\n\n<hr class=\"wp-block-separator has-alpha-channel-opacity\"\/>\n\n\n\n<h3 class=\"wp-block-heading\">\ud83d\udccd <strong>Jeudi 15 mai<\/strong><\/h3>\n\n\n\n<ul class=\"wp-block-list\">\n<li><strong>09h10<\/strong> : D\u00e9part de l\u2019H\u00f4tel du Mail<\/li>\n\n\n\n<li><strong>09h30<\/strong> : Pr\u00e9sentation de la politique <strong>\u00ab Nature en Ville \u00bb<\/strong><br><em>Intervenante : Fanny Maujean, Directrice Parcs, Jardins et Paysages<\/em><\/li>\n\n\n\n<li><strong>10h30 \u2013 12h00<\/strong> : Visite des <strong>jardins familiaux<\/strong> et des <strong>jardins partag\u00e9s<\/strong><\/li>\n\n\n\n<li><strong>12h15<\/strong> : D\u00e9jeuner au restaurant <strong>La R\u00e9serve<\/strong><\/li>\n\n\n\n<li><strong>14h30 \u2013 17h30<\/strong> : Visite de l\u2019<strong>ISTOM \u2013 \u00c9cole sup\u00e9rieure d\u2019agro-d\u00e9veloppement international<\/strong><\/li>\n\n\n\n<li><strong>Soir\u00e9e au choix<\/strong> :\n<ul class=\"wp-block-list\">\n<li>Participation au <strong>Festival Cin\u00e9mas d\u2019Afrique<\/strong> avec projection d\u2019un film s\u00e9n\u00e9galais<\/li>\n\n\n\n<li>Temps libre<\/li>\n\n\n\n<li>D\u00eener au restaurant avec des repr\u00e9sentants de la <strong>Ville d\u2019Angers<\/strong><\/li>\n<\/ul>\n<\/li>\n<\/ul>\n\n\n\n<hr class=\"wp-block-separator has-alpha-channel-opacity\"\/>\n\n\n\n<h3 class=\"wp-block-heading\">\ud83d\udccd <strong>Vendredi 16 mai<\/strong><\/h3>\n\n\n\n<ul class=\"wp-block-list\">\n<li><strong>09h00<\/strong> : Pr\u00e9sentation de la <strong>politique Biodiversit\u00e9<\/strong> de la Ville d\u2019Angers<\/li>\n\n\n\n<li><strong>10h30 \u2013 12h00<\/strong> : Visite du <strong>centre historique<\/strong> d\u2019Angers<\/li>\n\n\n\n<li><strong>12h30 \u2013 14h00<\/strong> : D\u00e9jeuner officiel<\/li>\n\n\n\n<li><strong>14h00<\/strong> : R\u00e9union avec <strong>Christophe B\u00e9chu<\/strong>, Maire d\u2019Angers, Pr\u00e9sident d\u2019Angers Loire M\u00e9tropole,<br>et ancien Ministre fran\u00e7ais de la Transition \u00e9cologique (2022\u20132024)<\/li>\n\n\n\n<li><strong>16h44<\/strong> : D\u00e9part de la d\u00e9l\u00e9gation en <strong>gare d\u2019Angers<\/strong><\/li>\n<\/ul>\n\n\n\n<p><\/p>\n","protected":false},"excerpt":{"rendered":"<p>\ud83d\udcc5 14\u201316 mai 2025 \u2013 Ville d\u2019Angers (France) \ud83d\uddc2\ufe0f Programme officiel \ud83d\udc65 Composition de la d\u00e9l\u00e9gation de Lingu\u00e8re \ud83d\udccd Mercredi 14 mai \ud83d\udccd Jeudi 15 mai \ud83d\udccd Vendredi 16 mai<\/p>\n","protected":false},"author":1,"featured_media":0,"parent":0,"menu_order":0,"comment_status":"closed","ping_status":"closed","template":"","meta":{"footnotes":""},"class_list":["post-96","page","type-page","status-publish","hentry"],"_links":{"self":[{"href":"https:\/\/villedelinguere.org\/index.php\/wp-json\/wp\/v2\/pages\/96","targetHints":{"allow":["GET"]}}],"collection":[{"href":"https:\/\/villedelinguere.org\/index.php\/wp-json\/wp\/v2\/pages"}],"about":[{"href":"https:\/\/villedelinguere.org\/index.php\/wp-json\/wp\/v2\/types\/page"}],"author":[{"embeddable":true,"href":"https:\/\/villedelinguere.org\/index.php\/wp-json\/wp\/v2\/users\/1"}],"replies":[{"embeddable":true,"href":"https:\/\/villedelinguere.org\/index.php\/wp-json\/wp\/v2\/comments?post=96"}],"version-history":[{"count":1,"href":"https:\/\/villedelinguere.org\/index.php\/wp-json\/wp\/v2\/pages\/96\/revisions"}],"predecessor-version":[{"id":97,"href":"https:\/\/villedelinguere.org\/index.php\/wp-json\/wp\/v2\/pages\/96\/revisions\/97"}],"wp:attachment":[{"href":"https:\/\/villedelinguere.org\/index.php\/wp-json\/wp\/v2\/media?parent=96"}],"curies":[{"name":"wp","href":"https:\/\/api.w.org\/{rel}","templated":true}]}}